{"id":275,"date":"2014-10-08T15:29:06","date_gmt":"2014-10-08T13:29:06","guid":{"rendered":"http:\/\/www.innenausbau-schneider.at\/cms\/?page_id=275"},"modified":"2014-11-10T22:38:04","modified_gmt":"2014-11-10T20:38:04","slug":"kunststoff-kunststoff-alu","status":"publish","type":"page","link":"https:\/\/www.innenausbau-schneider.at\/cms\/?page_id=275","title":{"rendered":"Kunststoff \/ Kunststoff-Alu"},"content":{"rendered":"<p>Optimale Preis-\/Leistungsverh\u00e4ltnis, sowie beste Energiesparwerte und Langlebigkeit &#8211; das sind unsere Kunststoff und Kunststoff-Alu Fenster Systeme.<\/p>\n<p>Wenn dann noch Schalld\u00e4mmwerte und Design stimmen, werden alle Anspr\u00fcche f\u00fcr einen H\u00e4uslbauer bestens und zu h\u00f6chster Zufriedenheit erf\u00fcllt.<\/p>\n<p>Wir informieren Sie gerne \u00fcber die verschiedenen Fenstersysteme und Beschattungsm\u00f6glichkeiten wie Raffstore, Roll\u00e4den, Fensterl\u00e4den uvm.<\/p>\n<p>&nbsp;<\/p>\n\n<table id=\"tablepress-5\" class=\"tablepress tablepress-id-5\">\n<tbody>\n<tr class=\"row-1\">\n\t<td class=\"column-1\"><\/td><td class=\"column-2\"><a href=\"http:\/\/www.innenausbau-schneider.at\/cms\/wp-content\/uploads\/2014\/10\/pvc_5000.jpg\"><img loading=\"lazy\" decoding=\"async\" src=\"http:\/\/www.innenausbau-schneider.at\/cms\/wp-content\/uploads\/2014\/10\/pvc_5000-300x266.jpg\" alt=\"\" width=\"300\" height=\"266\" class=\"aligncenter size-medium wp-image-298\" srcset=\"https:\/\/www.innenausbau-schneider.at\/cms\/wp-content\/uploads\/2014\/10\/pvc_5000-300x266.jpg 300w, https:\/\/www.innenausbau-schneider.at\/cms\/wp-content\/uploads\/2014\/10\/pvc_5000-128x114.jpg 128w, https:\/\/www.innenausbau-schneider.at\/cms\/wp-content\/uploads\/2014\/10\/pvc_5000-148x131.jpg 148w, https:\/\/www.innenausbau-schneider.at\/cms\/wp-content\/uploads\/2014\/10\/pvc_5000-31x27.jpg 31w, https:\/\/www.innenausbau-schneider.at\/cms\/wp-content\/uploads\/2014\/10\/pvc_5000-38x33.jpg 38w, https:\/\/www.innenausbau-schneider.at\/cms\/wp-content\/uploads\/2014\/10\/pvc_5000-242x215.jpg 242w, https:\/\/www.innenausbau-schneider.at\/cms\/wp-content\/uploads\/2014\/10\/pvc_5000.jpg 400w\" sizes=\"(max-width: 300px) 100vw, 300px\" \/><\/a><\/td><td class=\"column-3\"><\/td><td class=\"column-4\"><a href=\"http:\/\/www.innenausbau-schneider.at\/cms\/wp-content\/uploads\/2014\/10\/pvc_alu_5000.jpg\"><img loading=\"lazy\" decoding=\"async\" src=\"http:\/\/www.innenausbau-schneider.at\/cms\/wp-content\/uploads\/2014\/10\/pvc_alu_5000-300x266.jpg\" alt=\"\" width=\"300\" height=\"266\" class=\"aligncenter size-medium wp-image-300\" srcset=\"https:\/\/www.innenausbau-schneider.at\/cms\/wp-content\/uploads\/2014\/10\/pvc_alu_5000-300x266.jpg 300w, https:\/\/www.innenausbau-schneider.at\/cms\/wp-content\/uploads\/2014\/10\/pvc_alu_5000-128x114.jpg 128w, https:\/\/www.innenausbau-schneider.at\/cms\/wp-content\/uploads\/2014\/10\/pvc_alu_5000-148x131.jpg 148w, https:\/\/www.innenausbau-schneider.at\/cms\/wp-content\/uploads\/2014\/10\/pvc_alu_5000-31x27.jpg 31w, https:\/\/www.innenausbau-schneider.at\/cms\/wp-content\/uploads\/2014\/10\/pvc_alu_5000-38x33.jpg 38w, https:\/\/www.innenausbau-schneider.at\/cms\/wp-content\/uploads\/2014\/10\/pvc_alu_5000-242x215.jpg 242w, https:\/\/www.innenausbau-schneider.at\/cms\/wp-content\/uploads\/2014\/10\/pvc_alu_5000.jpg 400w\" sizes=\"(max-width: 300px) 100vw, 300px\" \/><\/a><\/td><td class=\"column-5\"><\/td>\n<\/tr>\n<tr class=\"row-2\">\n\t<td class=\"column-1\"><\/td><td class=\"column-2\"><h4>PFLEGELEICHT<\/h4><\/td><td class=\"column-3\"><\/td><td class=\"column-4\"><h4>KOSTENREDUZIERER<\/h4><\/td><td class=\"column-5\"><\/td>\n<\/tr>\n<tr class=\"row-3\">\n\t<td class=\"column-1\"><\/td><td class=\"column-2\"><h4>Kunststoff 5000<\/h4><\/td><td class=\"column-3\"><\/td><td class=\"column-4\"><h4>Kunststoff-Alu 5000<\/h4><\/td><td class=\"column-5\"><\/td>\n<\/tr>\n<tr class=\"row-4\">\n\t<td class=\"column-1\"><\/td><td class=\"column-2\">70mm Einbautiefe<br \/>\n6-Kammern System<br \/>\n3-fach W\u00e4rmeschutzglas 0,6 W mit Thermorandverbund<br \/>\n3 Dichtungsebenen<br \/>\nin verschiedenen Dekoren erh\u00e4ltlich<br \/>\n<strong>Gesamtwert: Uw = 0,9 W\/m\u00b2 K<\/strong><\/td><td class=\"column-3\"><\/td><td class=\"column-4\">70mm Einbautiefe<br \/>\n5-Kammern System<br \/>\n3-fach W\u00e4rmeschutzglas 0,6 W mit Thermorandverbund<br \/>\nwitterungsbest\u00e4ndige Alu-Schale<br \/>\nAlu in Dekoren und vielen RAL-Farben<br \/>\n<strong>Gesamtwert: Uw = 0,9 W\/m\u00b2 K<\/strong><\/td><td class=\"column-5\"><\/td>\n<\/tr>\n<tr class=\"row-5\">\n\t<td class=\"column-1\"><\/td><td class=\"column-2\"> <\/td><td class=\"column-3\"><\/td><td class=\"column-4\"> <\/td><td class=\"column-5\"><\/td>\n<\/tr>\n<tr class=\"row-6\">\n\t<td class=\"column-1\"><\/td><td class=\"column-2\"> <\/td><td class=\"column-3\"><\/td><td class=\"column-4\"> <\/td><td class=\"column-5\"><\/td>\n<\/tr>\n<tr class=\"row-7\">\n\t<td class=\"column-1\"><\/td><td class=\"column-2\"><a href=\"http:\/\/www.innenausbau-schneider.at\/cms\/wp-content\/uploads\/2014\/10\/pvc_8000.jpg\"><img loading=\"lazy\" decoding=\"async\" src=\"http:\/\/www.innenausbau-schneider.at\/cms\/wp-content\/uploads\/2014\/10\/pvc_8000-300x266.jpg\" alt=\"\" width=\"300\" height=\"266\" class=\"aligncenter size-medium wp-image-299\" srcset=\"https:\/\/www.innenausbau-schneider.at\/cms\/wp-content\/uploads\/2014\/10\/pvc_8000-300x266.jpg 300w, https:\/\/www.innenausbau-schneider.at\/cms\/wp-content\/uploads\/2014\/10\/pvc_8000-128x114.jpg 128w, https:\/\/www.innenausbau-schneider.at\/cms\/wp-content\/uploads\/2014\/10\/pvc_8000-148x131.jpg 148w, https:\/\/www.innenausbau-schneider.at\/cms\/wp-content\/uploads\/2014\/10\/pvc_8000-31x27.jpg 31w, https:\/\/www.innenausbau-schneider.at\/cms\/wp-content\/uploads\/2014\/10\/pvc_8000-38x33.jpg 38w, https:\/\/www.innenausbau-schneider.at\/cms\/wp-content\/uploads\/2014\/10\/pvc_8000-242x215.jpg 242w, https:\/\/www.innenausbau-schneider.at\/cms\/wp-content\/uploads\/2014\/10\/pvc_8000.jpg 400w\" sizes=\"(max-width: 300px) 100vw, 300px\" \/><\/a><\/td><td class=\"column-3\"><\/td><td class=\"column-4\"><a href=\"http:\/\/www.innenausbau-schneider.at\/cms\/wp-content\/uploads\/2014\/10\/pvc_alu_8000.jpg\"><img loading=\"lazy\" decoding=\"async\" src=\"http:\/\/www.innenausbau-schneider.at\/cms\/wp-content\/uploads\/2014\/10\/pvc_alu_8000-300x266.jpg\" alt=\"\" width=\"300\" height=\"266\" class=\"aligncenter size-medium wp-image-297\" srcset=\"https:\/\/www.innenausbau-schneider.at\/cms\/wp-content\/uploads\/2014\/10\/pvc_alu_8000-300x266.jpg 300w, https:\/\/www.innenausbau-schneider.at\/cms\/wp-content\/uploads\/2014\/10\/pvc_alu_8000-128x114.jpg 128w, https:\/\/www.innenausbau-schneider.at\/cms\/wp-content\/uploads\/2014\/10\/pvc_alu_8000-148x131.jpg 148w, https:\/\/www.innenausbau-schneider.at\/cms\/wp-content\/uploads\/2014\/10\/pvc_alu_8000-31x27.jpg 31w, https:\/\/www.innenausbau-schneider.at\/cms\/wp-content\/uploads\/2014\/10\/pvc_alu_8000-38x33.jpg 38w, https:\/\/www.innenausbau-schneider.at\/cms\/wp-content\/uploads\/2014\/10\/pvc_alu_8000-242x215.jpg 242w, https:\/\/www.innenausbau-schneider.at\/cms\/wp-content\/uploads\/2014\/10\/pvc_alu_8000.jpg 400w\" sizes=\"(max-width: 300px) 100vw, 300px\" \/><\/a><\/td><td class=\"column-5\"><\/td>\n<\/tr>\n<tr class=\"row-8\">\n\t<td class=\"column-1\"><\/td><td class=\"column-2\"><h4>PFLEGELEICHT MIT EFFIZIENZ<\/h4><\/td><td class=\"column-3\"><\/td><td class=\"column-4\"><h4>KOSTENREDUZIERER MIT EFFIZIENZ<\/h4><\/td><td class=\"column-5\"><\/td>\n<\/tr>\n<tr class=\"row-9\">\n\t<td class=\"column-1\"><\/td><td class=\"column-2\"><h4>Kunststoff 8000<\/h4><\/td><td class=\"column-3\"><\/td><td class=\"column-4\"><h4>Kunststoff-Alu 8000<\/h4><\/td><td class=\"column-5\"><\/td>\n<\/tr>\n<tr class=\"row-10\">\n\t<td class=\"column-1\"><\/td><td class=\"column-2\">85mm Einbautiefe<br \/>\n6-Kammern System<br \/>\n3-fach W\u00e4rmeschutzglas 0,6 W mit Thermorandverbund<br \/>\nbeste W\u00e4rme- und Schalld\u00e4mmung<br \/>\nin verschiedenen Dekoren erh\u00e4ltlich<br \/>\n<strong>Gesamtwert: Uw = 0,83 W\/m\u00b2 K<\/strong><\/td><td class=\"column-3\"><\/td><td class=\"column-4\">85mm Einbautiefe<br \/>\n6-Kammern System<br \/>\n3-fach W\u00e4rmeschutzglas 0,6 W mit Thermorandverbund<br \/>\n3 Dichtungsebenen<br \/>\nAlu in Dekoren und vielen RAL-Farben<br \/>\n<strong>Gesamtwert: Uw = 0,83 W\/m\u00b2 K<\/strong><\/td><td class=\"column-5\"><\/td>\n<\/tr>\n<\/tbody>\n<\/table>\n","protected":false},"excerpt":{"rendered":"<p>Optimale Preis-\/Leistungsverh\u00e4ltnis, sowie beste Energiesparwerte und Langlebigkeit &#8211; das sind unsere Kunststoff und Kunststoff-Alu Fenster Systeme. Wenn dann noch Schalld\u00e4mmwerte und Design stimmen, werden alle Anspr\u00fcche f\u00fcr einen H\u00e4uslbauer bestens und zu h\u00f6chster Zufriedenheit erf\u00fcllt. Wir informieren Sie gerne \u00fcber die verschiedenen Fenstersysteme und Beschattungsm\u00f6glichkeiten wie Raffstore, Roll\u00e4den, Fensterl\u00e4den uvm. &nbsp;<\/p>","protected":false},"author":1,"featured_media":0,"parent":65,"menu_order":0,"comment_status":"open","ping_status":"open","template":"home-panels.php","meta":{"footnotes":""},"yoast_head":"<!-- This site is optimized with the Yoast SEO plugin v22.2 - https:\/\/yoast.com\/wordpress\/plugins\/seo\/ -->\n<title>Kunststoff \/ Kunststoff-Alu | Tischlerei Anton Schneider<\/title>\n<meta name=\"robots\" content=\"index, follow, max-snippet:-1, max-image-preview:large, max-video-preview:-1\" \/>\n<link rel=\"canonical\" href=\"https:\/\/www.innenausbau-schneider.at\/cms\/?page_id=275\" \/>\n<meta property=\"og:locale\" content=\"de_DE\" \/>\n<meta property=\"og:type\" content=\"article\" \/>\n<meta property=\"og:title\" content=\"Kunststoff \/ Kunststoff-Alu | Tischlerei Anton Schneider\" \/>\n<meta property=\"og:description\" content=\"Optimale Preis-\/Leistungsverh\u00e4ltnis, sowie beste Energiesparwerte und Langlebigkeit &#8211; das sind unsere Kunststoff und Kunststoff-Alu Fenster Systeme. Wenn dann noch Schalld\u00e4mmwerte und Design stimmen, werden alle Anspr\u00fcche f\u00fcr einen H\u00e4uslbauer bestens und zu h\u00f6chster Zufriedenheit erf\u00fcllt. Wir informieren Sie gerne \u00fcber die verschiedenen Fenstersysteme und Beschattungsm\u00f6glichkeiten wie Raffstore, Roll\u00e4den, Fensterl\u00e4den uvm. &nbsp;\" \/>\n<meta property=\"og:url\" content=\"https:\/\/www.innenausbau-schneider.at\/cms\/?page_id=275\" \/>\n<meta property=\"og:site_name\" content=\"Tischlerei Anton Schneider\" \/>\n<meta property=\"article:modified_time\" content=\"2014-11-10T20:38:04+00:00\" \/>\n<script type=\"application\/ld+json\" class=\"yoast-schema-graph\">{\"@context\":\"https:\/\/schema.org\",\"@graph\":[{\"@type\":\"WebPage\",\"@id\":\"https:\/\/www.innenausbau-schneider.at\/cms\/?page_id=275\",\"url\":\"https:\/\/www.innenausbau-schneider.at\/cms\/?page_id=275\",\"name\":\"Kunststoff \/ Kunststoff-Alu | Tischlerei Anton Schneider\",\"isPartOf\":{\"@id\":\"https:\/\/www.innenausbau-schneider.at\/cms\/#website\"},\"datePublished\":\"2014-10-08T13:29:06+00:00\",\"dateModified\":\"2014-11-10T20:38:04+00:00\",\"breadcrumb\":{\"@id\":\"https:\/\/www.innenausbau-schneider.at\/cms\/?page_id=275#breadcrumb\"},\"inLanguage\":\"de-DE\",\"potentialAction\":[{\"@type\":\"ReadAction\",\"target\":[\"https:\/\/www.innenausbau-schneider.at\/cms\/?page_id=275\"]}]},{\"@type\":\"BreadcrumbList\",\"@id\":\"https:\/\/www.innenausbau-schneider.at\/cms\/?page_id=275#breadcrumb\",\"itemListElement\":[{\"@type\":\"ListItem\",\"position\":1,\"name\":\"Home\",\"item\":\"https:\/\/www.innenausbau-schneider.at\/cms\/\"},{\"@type\":\"ListItem\",\"position\":2,\"name\":\"Leistungen\",\"item\":\"https:\/\/www.innenausbau-schneider.at\/cms\/?page_id=57\"},{\"@type\":\"ListItem\",\"position\":3,\"name\":\"Fenster\",\"item\":\"https:\/\/www.innenausbau-schneider.at\/cms\/?page_id=65\"},{\"@type\":\"ListItem\",\"position\":4,\"name\":\"Kunststoff \/ Kunststoff-Alu\"}]},{\"@type\":\"WebSite\",\"@id\":\"https:\/\/www.innenausbau-schneider.at\/cms\/#website\",\"url\":\"https:\/\/www.innenausbau-schneider.at\/cms\/\",\"name\":\"Tischlerei Anton Schneider\",\"description\":\"Das Alpbacher K&Atilde;&frac14;chenstudio\",\"potentialAction\":[{\"@type\":\"SearchAction\",\"target\":{\"@type\":\"EntryPoint\",\"urlTemplate\":\"https:\/\/www.innenausbau-schneider.at\/cms\/?s={search_term_string}\"},\"query-input\":\"required name=search_term_string\"}],\"inLanguage\":\"de-DE\"}]}<\/script>\n<!-- \/ Yoast SEO plugin. -->","yoast_head_json":{"title":"Kunststoff \/ Kunststoff-Alu | Tischlerei Anton Schneider","robots":{"index":"index","follow":"follow","max-snippet":"max-snippet:-1","max-image-preview":"max-image-preview:large","max-video-preview":"max-video-preview:-1"},"canonical":"https:\/\/www.innenausbau-schneider.at\/cms\/?page_id=275","og_locale":"de_DE","og_type":"article","og_title":"Kunststoff \/ Kunststoff-Alu | Tischlerei Anton Schneider","og_description":"Optimale Preis-\/Leistungsverh\u00e4ltnis, sowie beste Energiesparwerte und Langlebigkeit &#8211; das sind unsere Kunststoff und Kunststoff-Alu Fenster Systeme. Wenn dann noch Schalld\u00e4mmwerte und Design stimmen, werden alle Anspr\u00fcche f\u00fcr einen H\u00e4uslbauer bestens und zu h\u00f6chster Zufriedenheit erf\u00fcllt. Wir informieren Sie gerne \u00fcber die verschiedenen Fenstersysteme und Beschattungsm\u00f6glichkeiten wie Raffstore, Roll\u00e4den, Fensterl\u00e4den uvm. &nbsp;","og_url":"https:\/\/www.innenausbau-schneider.at\/cms\/?page_id=275","og_site_name":"Tischlerei Anton Schneider","article_modified_time":"2014-11-10T20:38:04+00:00","schema":{"@context":"https:\/\/schema.org","@graph":[{"@type":"WebPage","@id":"https:\/\/www.innenausbau-schneider.at\/cms\/?page_id=275","url":"https:\/\/www.innenausbau-schneider.at\/cms\/?page_id=275","name":"Kunststoff \/ Kunststoff-Alu | Tischlerei Anton Schneider","isPartOf":{"@id":"https:\/\/www.innenausbau-schneider.at\/cms\/#website"},"datePublished":"2014-10-08T13:29:06+00:00","dateModified":"2014-11-10T20:38:04+00:00","breadcrumb":{"@id":"https:\/\/www.innenausbau-schneider.at\/cms\/?page_id=275#breadcrumb"},"inLanguage":"de-DE","potentialAction":[{"@type":"ReadAction","target":["https:\/\/www.innenausbau-schneider.at\/cms\/?page_id=275"]}]},{"@type":"BreadcrumbList","@id":"https:\/\/www.innenausbau-schneider.at\/cms\/?page_id=275#breadcrumb","itemListElement":[{"@type":"ListItem","position":1,"name":"Home","item":"https:\/\/www.innenausbau-schneider.at\/cms\/"},{"@type":"ListItem","position":2,"name":"Leistungen","item":"https:\/\/www.innenausbau-schneider.at\/cms\/?page_id=57"},{"@type":"ListItem","position":3,"name":"Fenster","item":"https:\/\/www.innenausbau-schneider.at\/cms\/?page_id=65"},{"@type":"ListItem","position":4,"name":"Kunststoff \/ Kunststoff-Alu"}]},{"@type":"WebSite","@id":"https:\/\/www.innenausbau-schneider.at\/cms\/#website","url":"https:\/\/www.innenausbau-schneider.at\/cms\/","name":"Tischlerei Anton Schneider","description":"Das Alpbacher K&Atilde;&frac14;chenstudio","potentialAction":[{"@type":"SearchAction","target":{"@type":"EntryPoint","urlTemplate":"https:\/\/www.innenausbau-schneider.at\/cms\/?s={search_term_string}"},"query-input":"required name=search_term_string"}],"inLanguage":"de-DE"}]}},"_links":{"self":[{"href":"https:\/\/www.innenausbau-schneider.at\/cms\/index.php?rest_route=\/wp\/v2\/pages\/275"}],"collection":[{"href":"https:\/\/www.innenausbau-schneider.at\/cms\/index.php?rest_route=\/wp\/v2\/pages"}],"about":[{"href":"https:\/\/www.innenausbau-schneider.at\/cms\/index.php?rest_route=\/wp\/v2\/types\/page"}],"author":[{"embeddable":true,"href":"https:\/\/www.innenausbau-schneider.at\/cms\/index.php?rest_route=\/wp\/v2\/users\/1"}],"replies":[{"embeddable":true,"href":"https:\/\/www.innenausbau-schneider.at\/cms\/index.php?rest_route=%2Fwp%2Fv2%2Fcomments&post=275"}],"version-history":[{"count":5,"href":"https:\/\/www.innenausbau-schneider.at\/cms\/index.php?rest_route=\/wp\/v2\/pages\/275\/revisions"}],"predecessor-version":[{"id":307,"href":"https:\/\/www.innenausbau-schneider.at\/cms\/index.php?rest_route=\/wp\/v2\/pages\/275\/revisions\/307"}],"up":[{"embeddable":true,"href":"https:\/\/www.innenausbau-schneider.at\/cms\/index.php?rest_route=\/wp\/v2\/pages\/65"}],"wp:attachment":[{"href":"https:\/\/www.innenausbau-schneider.at\/cms\/index.php?rest_route=%2Fwp%2Fv2%2Fmedia&parent=275"}],"curies":[{"name":"wp","href":"https:\/\/api.w.org\/{rel}","templated":true}]}}